{"id":36,"date":"2024-04-04T15:04:15","date_gmt":"2024-04-04T13:04:15","guid":{"rendered":"https:\/\/www.igs-zeven.de\/wp\/wordpress\/?page_id=36"},"modified":"2026-03-03T11:15:35","modified_gmt":"2026-03-03T10:15:35","slug":"schulsozialarbeit","status":"publish","type":"page","link":"https:\/\/www.igs-zeven.de\/wp\/?page_id=36","title":{"rendered":"Schulsozialarbeit"},"content":{"rendered":"\t\t\n\t\t<div id=\"gs_team_area_9\" data-shortcode-id=\"9\" class=\"wrap gs_team_area gs_team_loading gs_tm_theme8 gs_tm_theme_v_1 \" data-options='{\"search_through_all_fields\":\"off\",\"enable_clear_filters\":\"off\",\"reset_filters_text\":\"Reset Filters\",\"enable_multi_select\":\"off\",\"multi_select_ellipsis\":\"off\",\"next_txt\":\"Next\",\"prev_txt\":\"Prev\",\"carousel_autoplay\":\"on\",\"carousel_autoplay_hover_pause\":\"on\",\"carousel_loop\":\"on\",\"carousel_autoplay_speed\":1000,\"carousel_autoplay_timeout\":2500,\"carousel_items_to_scroll\":1,\"load_per_click\":3,\"initial_items\":6}' style=\"visibility: hidden; opacity: 0;\">\n\t\n\t\t\t\n<!-- Container for Team members -->\n<div class=\"gs-containeer cbp-so-scroller\">\n\t\n\t<div class=\"gs-roow clearfix gs_team\" id=\"gs_team36\">\n\n\t\t\t\t\t\n\t\t\t<div class=\"single-member-div gs-col-lg-3 gs-col-md-4 gs-col-sm-6 gs-col-xs-12 single-member-pop cbp-so-section\" >\n\t\t\t    \n\t\t\t\t<!-- Sehema & Single member wrapper -->\n\t\t\t\t<div class=\"single-member--wrapper\" itemscope itemtype=\"http:\/\/schema.org\/Person\">\n\t\t\t\t\t<div class=\"single-member\">\n\n\t\t\t\t\t\t<a class=\"gs_team_pop open-popup-link\" data-mfp-src=\"#gs_team_popup_1333_9\" href=\"#\"><span class=\"gs-team-member--zip-codes\" style=\"display:none!important\"><\/span>\t\t\t\t\t\t\n\t\t\t\t\t\t\t<!-- Ribbon -->\n\t\t\t\t\t\t\t\n\t\t\t\t\t\t\t\n\t\t\t\t\t\t\t<!-- Team Image -->\n\t\t\t\t\t\t\t<div class=\"gs_team_image__wrapper\">\n\t\t\t\t\t\t\t\t<img loading=\"lazy\" decoding=\"async\" width=\"640\" height=\"426\" src=\"https:\/\/www.igs-zeven.de\/wp\/wordpress\/wp-content\/uploads\/2024\/04\/Joerg-Alker.png\" class=\"gs_team_member--image wp-post-image\" alt=\"Alker, J\u00f6rg (Alk)\" itemprop=\"image\" srcset=\"https:\/\/www.igs-zeven.de\/wp\/wordpress\/wp-content\/uploads\/2024\/04\/Joerg-Alker.png 640w, https:\/\/www.igs-zeven.de\/wp\/wordpress\/wp-content\/uploads\/2024\/04\/Joerg-Alker-300x200.png 300w\" sizes=\"auto, (max-width: 640px) 100vw, 640px\" \/>\t\t\t\t\t\t\t<\/div>\n\t\t\t\t\t\t\t\t\t\t\t\t\t\t\n\t\t\t\t\t\t\t<!-- Indicator -->\n\t\t\t\t\t\t\t\t\t\t\t\t\t\t\t<div class=\"gs_team_overlay\"><i class=\"fas fa-external-link-alt\"><\/i><\/div>\n\t\t\t\t\t\t\t\n\t\t\t\t\t\t\t<div class=\"single-member-name-desig cbp-so-side cbp-so-side-right\">\n\n\t\t\t\t\t\t\t\t<!-- Single member name -->\n\t\t\t\t\t\t\t\t\t\t\t\t\t\t\t\t\t<div class=\"gs-member-name\" itemprop=\"name\">Alker, J\u00f6rg (Alk)<\/div>\t\t\t\t\t\t\t\t\t\t\t\t\t\t\t\t\t\t\t\t\t\t\t\t\t\n\t\t\t\t\t\t\t\t<!-- Single member designation -->\n\t\t\t\t\t\t\t\t\t\t\t\t\t\t\t\t\t<div class=\"gs-member-desig\" itemprop=\"jobTitle\">Schulsozialarbeiter<\/div>\t\t\t\t\t\t\t\t\t\t\t\t\t\t\t\t\t\n\t\t\t\t\t\t\t<\/div>\n\n\t\t\t\t\t\t\t\n\t\t\t\t\t\t<\/a>\t\t\t\t\t\t\n\t\t\t\t\t\t<!-- Popup -->\n\t\t\t\t\t\t\t\t\t\t\t\t\n<div id=\"gs_team_popup_1333_9\" class=\"gs_team_popup_shortcode_9 white-popup mfp-hide mfp-with-anim gs_team_popup default\">\n    <div class=\"mfp-content--container\">\n        \n    <div class=\"gs_team_popup_left__wrapper\">\n    \n                    <div class=\"gs_team_popup_img\">\n                <img loading=\"lazy\" decoding=\"async\" width=\"640\" height=\"426\" src=\"https:\/\/www.igs-zeven.de\/wp\/wordpress\/wp-content\/uploads\/2024\/04\/Joerg-Alker.png\" class=\"gs_team_member--image wp-post-image\" alt=\"Alker, J\u00f6rg (Alk)\" itemprop=\"image\" srcset=\"https:\/\/www.igs-zeven.de\/wp\/wordpress\/wp-content\/uploads\/2024\/04\/Joerg-Alker.png 640w, https:\/\/www.igs-zeven.de\/wp\/wordpress\/wp-content\/uploads\/2024\/04\/Joerg-Alker-300x200.png 300w\" sizes=\"auto, (max-width: 640px) 100vw, 640px\" \/>                            <\/div>\n        \n        <!-- Meta Details -->\n        \n<div class=\"gstm-details\">\n    \n    \n    \n    \n    \n    \n    \n    \n    \n    \n    \n    \n    \n    \n    \n        \n<\/div>\n\n\n    <\/div>\n\n    <div class=\"gs_team_popup_details gs-tm-sicons\">\n        \n                    <div class=\"\">\n                <h2 class=\"gs-member-name\">Alker, J\u00f6rg (Alk)<\/h2>                            <\/div>\n        \n                    <div class=\"gs-member-desig\" itemprop=\"jobTitle\">Schulsozialarbeiter<\/div>\n                    \n        <!-- Social Links -->\n        \n                    <div class=\"gs-member-desc gs-team--scrollbar\" itemprop=\"description\"><p>Raum A 0.40<br \/>\nTelefon: 0 42 81 \u2013 9 88 85 20<\/p>\n<p>Arbeitsschwerpunkte:<br \/>\na) Einzelfallarbeit<br \/>\nb) Allgemeine Sozialberatung<br \/>\nc) Gewaltpr\u00e4vention und St\u00e4rkung eigener Kompetenzen (im Klassenverband)<br \/>\nd) Sch\u00fclerfirma Multimedia<br \/>\ne) BMX und Waveboard im Ganztag<br \/>\nf) Aktive Pausengestaltung<\/p>\n<p>J\u00f6rg Alker hat an der Fachhochschule Braunschweig\/Wolfenb\u00fcttel Sozialp\u00e4dagogik auf Diplom studiert. Seine Staatliche Anerkennung absolvierte er in der Heimarbeit im Waisenstift Varel. Danach war er lange und vielseitig in der offenen Jugendarbeit t\u00e4tig. Zuerst im Jugendzentrum in Wildeshausen, danach seit 2003 im st\u00e4dtischen Jugendzentrum in Zeven. Seit April 2017 ist er an der Carl-Friedrich-Gau\u00df-Schule besch\u00e4ftigt.<\/p>\n<\/div>\n                    \n        <!-- Skills -->\n        \n    <\/div>\n\n    <\/div>\n<\/div>\n\t\t\t        \n\t\t\t        <\/div>\n\t\t\t\t<\/div>\n\n\t\t\t<\/div>\n\n\t\t\t\t\t\n\t\t\t<div class=\"single-member-div gs-col-lg-3 gs-col-md-4 gs-col-sm-6 gs-col-xs-12 single-member-pop cbp-so-section\" >\n\t\t\t    \n\t\t\t\t<!-- Sehema & Single member wrapper -->\n\t\t\t\t<div class=\"single-member--wrapper\" itemscope itemtype=\"http:\/\/schema.org\/Person\">\n\t\t\t\t\t<div class=\"single-member\">\n\n\t\t\t\t\t\t<a class=\"gs_team_pop open-popup-link\" data-mfp-src=\"#gs_team_popup_1369_9\" href=\"#\"><span class=\"gs-team-member--zip-codes\" style=\"display:none!important\"><\/span>\t\t\t\t\t\t\n\t\t\t\t\t\t\t<!-- Ribbon -->\n\t\t\t\t\t\t\t\n\t\t\t\t\t\t\t\n\t\t\t\t\t\t\t<!-- Team Image -->\n\t\t\t\t\t\t\t<div class=\"gs_team_image__wrapper\">\n\t\t\t\t\t\t\t\t<img decoding=\"async\" class=\"\" src=\"https:\/\/www.igs-zeven.de\/wp\/wordpress\/wp-content\/plugins\/gs-team-members\/assets\/img\/no_img.jpg\" alt=\"Meyer, Kathrin (MeK)\" itemprop=\"image\" \/>\t\t\t\t\t\t\t<\/div>\n\t\t\t\t\t\t\t\t\t\t\t\t\t\t\n\t\t\t\t\t\t\t<!-- Indicator -->\n\t\t\t\t\t\t\t\t\t\t\t\t\t\t\t<div class=\"gs_team_overlay\"><i class=\"fas fa-external-link-alt\"><\/i><\/div>\n\t\t\t\t\t\t\t\n\t\t\t\t\t\t\t<div class=\"single-member-name-desig cbp-so-side cbp-so-side-right\">\n\n\t\t\t\t\t\t\t\t<!-- Single member name -->\n\t\t\t\t\t\t\t\t\t\t\t\t\t\t\t\t\t<div class=\"gs-member-name\" itemprop=\"name\">Meyer, Kathrin (MeK)<\/div>\t\t\t\t\t\t\t\t\t\t\t\t\t\t\t\t\t\t\t\t\t\t\t\t\t\n\t\t\t\t\t\t\t\t<!-- Single member designation -->\n\t\t\t\t\t\t\t\t\t\t\t\t\t\t\t\t\t<div class=\"gs-member-desig\" itemprop=\"jobTitle\">Schulsozialarbeiterin<\/div>\t\t\t\t\t\t\t\t\t\t\t\t\t\t\t\t\t\n\t\t\t\t\t\t\t<\/div>\n\n\t\t\t\t\t\t\t\n\t\t\t\t\t\t<\/a>\t\t\t\t\t\t\n\t\t\t\t\t\t<!-- Popup -->\n\t\t\t\t\t\t\t\t\t\t\t\t\n<div id=\"gs_team_popup_1369_9\" class=\"gs_team_popup_shortcode_9 white-popup mfp-hide mfp-with-anim gs_team_popup default\">\n    <div class=\"mfp-content--container\">\n        \n    <div class=\"gs_team_popup_left__wrapper\">\n    \n                    <div class=\"gs_team_popup_img\">\n                <img decoding=\"async\" class=\"\" src=\"https:\/\/www.igs-zeven.de\/wp\/wordpress\/wp-content\/plugins\/gs-team-members\/assets\/img\/no_img.jpg\" alt=\"Meyer, Kathrin (MeK)\" itemprop=\"image\" \/>                            <\/div>\n        \n        <!-- Meta Details -->\n        \n<div class=\"gstm-details\">\n    \n    \n    \n    \n    \n    \n    \n    \n    \n    \n    \n    \n    \n    \n    \n        \n<\/div>\n\n\n    <\/div>\n\n    <div class=\"gs_team_popup_details gs-tm-sicons\">\n        \n                    <div class=\"\">\n                <h2 class=\"gs-member-name\">Meyer, Kathrin (MeK)<\/h2>                            <\/div>\n        \n                    <div class=\"gs-member-desig\" itemprop=\"jobTitle\">Schulsozialarbeiterin<\/div>\n                    \n        <!-- Social Links -->\n        \n                    <div class=\"gs-member-desc gs-team--scrollbar\" itemprop=\"description\"><p>Telefon: 0 42 81 \u2013 9 88 85 21<br \/>\nMail: kathrin.meyer@igszeven.de<br \/>\nRaum A.0.39<\/p>\n<\/div>\n                    \n        <!-- Skills -->\n        \n    <\/div>\n\n    <\/div>\n<\/div>\n\t\t\t        \n\t\t\t        <\/div>\n\t\t\t\t<\/div>\n\n\t\t\t<\/div>\n\n\t\t\t\t\t\n\t\t\t<div class=\"single-member-div gs-col-lg-3 gs-col-md-4 gs-col-sm-6 gs-col-xs-12 single-member-pop cbp-so-section\" >\n\t\t\t    \n\t\t\t\t<!-- Sehema & Single member wrapper -->\n\t\t\t\t<div class=\"single-member--wrapper\" itemscope itemtype=\"http:\/\/schema.org\/Person\">\n\t\t\t\t\t<div class=\"single-member\">\n\n\t\t\t\t\t\t<a class=\"gs_team_pop open-popup-link\" data-mfp-src=\"#gs_team_popup_2514_9\" href=\"#\"><span class=\"gs-team-member--zip-codes\" style=\"display:none!important\"><\/span>\t\t\t\t\t\t\n\t\t\t\t\t\t\t<!-- Ribbon -->\n\t\t\t\t\t\t\t\n\t\t\t\t\t\t\t\n\t\t\t\t\t\t\t<!-- Team Image -->\n\t\t\t\t\t\t\t<div class=\"gs_team_image__wrapper\">\n\t\t\t\t\t\t\t\t<img decoding=\"async\" class=\"\" src=\"https:\/\/www.igs-zeven.de\/wp\/wordpress\/wp-content\/plugins\/gs-team-members\/assets\/img\/no_img.jpg\" alt=\"Thieme-Hoffman, Frederike (THo)\" itemprop=\"image\" \/>\t\t\t\t\t\t\t<\/div>\n\t\t\t\t\t\t\t\t\t\t\t\t\t\t\n\t\t\t\t\t\t\t<!-- Indicator -->\n\t\t\t\t\t\t\t\t\t\t\t\t\t\t\t<div class=\"gs_team_overlay\"><i class=\"fas fa-external-link-alt\"><\/i><\/div>\n\t\t\t\t\t\t\t\n\t\t\t\t\t\t\t<div class=\"single-member-name-desig cbp-so-side cbp-so-side-right\">\n\n\t\t\t\t\t\t\t\t<!-- Single member name -->\n\t\t\t\t\t\t\t\t\t\t\t\t\t\t\t\t\t<div class=\"gs-member-name\" itemprop=\"name\">Thieme-Hoffman, Frederike (THo)<\/div>\t\t\t\t\t\t\t\t\t\t\t\t\t\t\t\t\t\t\t\t\t\t\t\t\t\n\t\t\t\t\t\t\t\t<!-- Single member designation -->\n\t\t\t\t\t\t\t\t\t\t\t\t\t\t\t\t\t<div class=\"gs-member-desig\" itemprop=\"jobTitle\">Schulsozialarbeiterin<\/div>\t\t\t\t\t\t\t\t\t\t\t\t\t\t\t\t\t\n\t\t\t\t\t\t\t<\/div>\n\n\t\t\t\t\t\t\t\n\t\t\t\t\t\t<\/a>\t\t\t\t\t\t\n\t\t\t\t\t\t<!-- Popup -->\n\t\t\t\t\t\t\t\t\t\t\t\t\n<div id=\"gs_team_popup_2514_9\" class=\"gs_team_popup_shortcode_9 white-popup mfp-hide mfp-with-anim gs_team_popup default\">\n    <div class=\"mfp-content--container\">\n        \n    <div class=\"gs_team_popup_left__wrapper\">\n    \n                    <div class=\"gs_team_popup_img\">\n                <img decoding=\"async\" class=\"\" src=\"https:\/\/www.igs-zeven.de\/wp\/wordpress\/wp-content\/plugins\/gs-team-members\/assets\/img\/no_img.jpg\" alt=\"Thieme-Hoffman, Frederike (THo)\" itemprop=\"image\" \/>                            <\/div>\n        \n        <!-- Meta Details -->\n        \n<div class=\"gstm-details\">\n    \n    \n    \n    \n    \n    \n    \n    \n    \n    \n    \n    \n    \n    \n    \n        \n<\/div>\n\n\n    <\/div>\n\n    <div class=\"gs_team_popup_details gs-tm-sicons\">\n        \n                    <div class=\"\">\n                <h2 class=\"gs-member-name\">Thieme-Hoffman, Frederike (THo)<\/h2>                            <\/div>\n        \n                    <div class=\"gs-member-desig\" itemprop=\"jobTitle\">Schulsozialarbeiterin<\/div>\n                    \n        <!-- Social Links -->\n        \n                    <div class=\"gs-member-desc gs-team--scrollbar\" itemprop=\"description\"><p>Telefon: 04281-98885-22<br \/>\nMail: frederike.thieme-hoffman@igszeven.de<\/p>\n<p>Raum: A.0.41<\/p>\n<\/div>\n                    \n        <!-- Skills -->\n        \n    <\/div>\n\n    <\/div>\n<\/div>\n\t\t\t        \n\t\t\t        <\/div>\n\t\t\t\t<\/div>\n\n\t\t\t<\/div>\n\n\t\t\n\t\t\n\t\t\n\n\t<!-- Drawer Contents -->\n\t\n\t<\/div>\n\n\t<!-- Pagination -->\n\t\n\t<!-- Panel -->\n\t\n<\/div>\t\n\t\t<\/div>\n\t\t\n\t\t<style>#gs_team_area_9 .gs-member-name,#gs_team_area_9 .gs-member-name a{font-size:20px}#gs_team_area_9 .gs-member-name,#gs_team_area_9 .gs-member-name a{color:rgb(255, 255, 255)}#gs_team_area_9.gs_tm_theme8 .gs-member-name,#gs_team_area_9.gs_tm_theme9 .gs-member-name,#gs_team_area_9.gs_tm_theme11 .gs-member-name,#gs_team_area_9.gs_tm_theme12 .gs-member-name,#gs_team_area_9.gs_tm_theme19 .gs-member-name,#gs_team_area_9 .gstm-panel-title{background-color:rgb(45, 123, 191)}#gs_team_area_9 .single-member-div .gs_member_info .gs-member-contact{color:rgb(255, 168, 0)}#gs_team_area_9 .gs-member-desig{font-size:17px}#gs_team_area_9 .gs-team-filter-cats{text-align:center}.mfp-gsteam .mfp-container .mfp-arrow,.mfp-gsteam .mfp-container .mfp-arrow:hover{background-color:rgb(250, 199, 14)!important}.gs_team_popup_shortcode_9 .gs-team--scrollbar,#gs_team_area_9 .gridder .gridder-show .gs-team--scrollbar{max-height:400px !important}<\/style>\n\n\n\n<div style=\"height:0px\" aria-hidden=\"true\" class=\"wp-block-spacer\"><\/div>\n\n\n\n<p class=\"wp-block-paragraph\">Liebe Sch\u00fclerinnen und Sch\u00fcler,<\/p>\n\n\n\n<p class=\"wp-block-paragraph\">auf den folgenden Seiten findet ihr das Angebot der Schulsozialarbeiter:Innen.<\/p>\n\n\n\n<p class=\"wp-block-paragraph\">Die Schulsozialarbeit ist ein wichtiger Teil des Schullebens, der euch helfen kann, euch wohl zu f\u00fchlen, eure Potenziale zu entfalten und eure Probleme zu l\u00f6sen. Die Schulsozialarbeiterinnen und Schulsozialarbeiter sind Fachkr\u00e4fte, die mit euch zusammenarbeiten, um eure individuellen Bed\u00fcrfnisse und Interessen zu ber\u00fccksichtigen. Sie bieten euch verschiedene Angebote an, wie zum Beispiel:<\/p>\n\n\n\n<p class=\"wp-block-paragraph\">\u2013 Einzel- und Gruppenberatung zu Themen wie Mobbing, Stress, Konflikte, Familie, Freundschaft, Liebe, Schule, Zukunft und vieles mehr<\/p>\n\n\n\n<p class=\"wp-block-paragraph\">\u2013 Vermittlung und Vernetzung mit anderen Hilfsangeboten wie z.B. Beratungsstellen, \u00c4rzten, Therapeuten und weitere<\/p>\n\n\n\n<p class=\"wp-block-paragraph\">Die Schulsozialarbeit ist freiwillig, vertraulich und kostenlos. Ihr k\u00f6nnt euch jederzeit uns wenden, wenn ihr etwas auf dem Herzen habt oder einfach nur quatschen wollt.&nbsp;<strong>Ihr findet uns in unseren B\u00fcros, die (wenn man reinkommt) rechts vom Haupteingang, bei den Kickertischen sind.<\/strong>&nbsp;Ihr k\u00f6nnt auch einen Termin per E-Mail oder Telefon vereinbaren. Die Kontaktdaten findet ihr, wenn ihr auf die Namen der jeweiligen Schulsozialarbeiter:innen klickt.<\/p>\n\n\n\n<p class=\"wp-block-paragraph\">Wir sind f\u00fcr euch da, um euch zu unterst\u00fctzen, zu begleiten und zu st\u00e4rken. Wir m\u00f6chten euch helfen, euer Leben selbstbestimmt und gl\u00fccklich zu gestalten. Traut euch und sprecht uns an! Wir freuen sich auf euch!&nbsp;<\/p>\n\n\n\n<p class=\"wp-block-paragraph\"><a href=\"https:\/\/www.igs-zeven.de\/wp\/?page_id=101\/#SSA-flyer\">Den Flyer der Schulsozialarbeit findet ihr im Downloadbereich.<\/a><\/p>\n\n\n\n<p class=\"has-medium-font-size wp-block-paragraph\"><strong>Regelm\u00e4\u00dfigen Projekte die von der Schulsozialarbeit durchgef\u00fchrt oder unterst\u00fctzt werden<\/strong><\/p>\n\n\n\n<p class=\"wp-block-paragraph\">Wir sind stark<\/p>\n\n\n\n<p class=\"wp-block-paragraph\">Verr\u00fcckt? Na und!<\/p>\n\n\n\n<p class=\"wp-block-paragraph\">Tischgruppentraining<\/p>\n\n\n\n<p class=\"wp-block-paragraph\"><\/p>\n","protected":false},"excerpt":{"rendered":"<p>Liebe Sch\u00fclerinnen und Sch\u00fcler, auf den folgenden Seiten findet ihr das Angebot der Schulsozialarbeiter:Innen. Die Schulsozialarbeit ist ein wichtiger Teil des Schullebens, der euch helfen kann, euch wohl zu f\u00fchlen, eure Potenziale zu entfalten und eure Probleme zu l\u00f6sen. Die Schulsozialarbeiterinnen und Schulsozialarbeiter sind Fachkr\u00e4fte, die mit euch zusammenarbeiten, um eure individuellen Bed\u00fcrfnisse und Interessen zu ber\u00fccksichtigen. Sie bieten euch verschiedene Angebote an, wie zum Beispiel: \u2013 Einzel- und Gruppenberatung zu Themen wie Mobbing, Stress, Konflikte, Familie, Freundschaft, Liebe, Schule, Zukunft und vieles mehr \u2013 Vermittlung und Vernetzung mit anderen Hilfsangeboten wie z.B. Beratungsstellen, \u00c4rzten, Therapeuten und weitere Die Schulsozialarbeit ist freiwillig, vertraulich und kostenlos. Ihr k\u00f6nnt euch jederzeit uns wenden, wenn ihr etwas auf dem Herzen habt oder einfach nur quatschen wollt.&nbsp;Ihr findet uns in unseren B\u00fcros, die (wenn man reinkommt) rechts vom Haupteingang, bei den Kickertischen sind.&nbsp;Ihr k\u00f6nnt auch einen Termin per E-Mail oder Telefon vereinbaren. Die Kontaktdaten &hellip; <\/p>\n","protected":false},"author":1,"featured_media":0,"parent":0,"menu_order":0,"comment_status":"closed","ping_status":"closed","template":"","meta":{"pgc_sgb_lightbox_settings":"","footnotes":""},"class_list":["post-36","page","type-page","status-publish","hentry"],"_links":{"self":[{"href":"https:\/\/www.igs-zeven.de\/wp\/index.php?rest_route=\/wp\/v2\/pages\/36","targetHints":{"allow":["GET"]}}],"collection":[{"href":"https:\/\/www.igs-zeven.de\/wp\/index.php?rest_route=\/wp\/v2\/pages"}],"about":[{"href":"https:\/\/www.igs-zeven.de\/wp\/index.php?rest_route=\/wp\/v2\/types\/page"}],"author":[{"embeddable":true,"href":"https:\/\/www.igs-zeven.de\/wp\/index.php?rest_route=\/wp\/v2\/users\/1"}],"replies":[{"embeddable":true,"href":"https:\/\/www.igs-zeven.de\/wp\/index.php?rest_route=%2Fwp%2Fv2%2Fcomments&post=36"}],"version-history":[{"count":26,"href":"https:\/\/www.igs-zeven.de\/wp\/index.php?rest_route=\/wp\/v2\/pages\/36\/revisions"}],"predecessor-version":[{"id":2524,"href":"https:\/\/www.igs-zeven.de\/wp\/index.php?rest_route=\/wp\/v2\/pages\/36\/revisions\/2524"}],"wp:attachment":[{"href":"https:\/\/www.igs-zeven.de\/wp\/index.php?rest_route=%2Fwp%2Fv2%2Fmedia&parent=36"}],"curies":[{"name":"wp","href":"https:\/\/api.w.org\/{rel}","templated":true}]}}