{"id":223,"date":"2024-04-08T08:51:52","date_gmt":"2024-04-08T06:51:52","guid":{"rendered":"https:\/\/www.igs-zeven.de\/wp\/wordpress\/?page_id=223"},"modified":"2026-06-15T14:38:01","modified_gmt":"2026-06-15T12:38:01","slug":"foerderverein","status":"publish","type":"page","link":"https:\/\/www.igs-zeven.de\/wp\/?page_id=223","title":{"rendered":"F\u00f6rderverein"},"content":{"rendered":"\n<p class=\"wp-block-paragraph\"><strong>Der Vorstand<\/strong> besteht im Schuljahr 2025\/26 aus folgenden ehrenamtlichen Mitgliedern:<\/p>\n\n\n\n<p class=\"wp-block-paragraph\">Anastasia Radeke\u00a0(1. Vorsitzende)<br>Anja Bohling (2. Vorsitzende)<br>Christine Schwiebert (Kassenwartin)<br>Julius Nanko (Schriftf\u00fchrer)<\/p>\n\n\n\n<p class=\"wp-block-paragraph\"><strong>Unser Ziel<\/strong><\/p>\n\n\n\n<p class=\"wp-block-paragraph\">Wir unterst\u00fctzen die Schule durch die Bereitstellung finanzieller Mittel f\u00fcr Anschaffungen, Aktionen und Projekte, die nicht durch das staatliche Budget abgedeckt werden. Gemeinsam verbessern wir so die Lernm\u00f6glichkeiten und Entwicklungschancen f\u00fcr alle Sch\u00fcler*innen.<\/p>\n\n\n\n<p class=\"wp-block-paragraph\"><strong>Projekte<\/strong><\/p>\n\n\n\n<ul class=\"wp-block-list\">\n<li>Zuschuss f\u00fcr Jahrgangs-Schl\u00fcsselb\u00e4nder<\/li>\n\n\n\n<li>Organisation der Teilnahme an den \u201e4-Abend-M\u00e4rschen\u201c<\/li>\n\n\n\n<li>Beschaffung von B\u00fcchern und Zeitschriften f\u00fcr die Bibliothek<\/li>\n\n\n\n<li>Zusch\u00fcsse f\u00fcr Lesungen<\/li>\n\n\n\n<li>Kooperation mit der Kreismusikschule: Streichinstrumente im Ganztag<\/li>\n\n\n\n<li>Zusch\u00fcsse f\u00fcr Fahrten zur Gewaltpr\u00e4vention sowie f\u00fcr Projekte zur politischen Bildung<\/li>\n\n\n\n<li>und vieles mehr&#8230;<\/li>\n<\/ul>\n\n\n\n<p class=\"wp-block-paragraph\"><strong>Die Finanzierung<\/strong><\/p>\n\n\n\n<p class=\"wp-block-paragraph\">Unser F\u00f6rderverein lebt von Mitgliedsbeitr\u00e4gen, Spenden und Erl\u00f6sen aus Aktionen \u2013 und von Menschen, die sich engagieren. Der Jahresmitgliedsbeitrag betr\u00e4gt 12 Euro. Je mehr Mitglieder unser Verein hat, desto mehr Unterst\u00fctzung ist m\u00f6glich!<\/p>\n\n\n\n<p class=\"wp-block-paragraph\"><strong>Mitmachen erw\u00fcnscht<\/strong><\/p>\n\n\n\n<p class=\"wp-block-paragraph\">Nicht jede Unterst\u00fctzung muss finanziell sein: Wir freuen uns \u00fcber Eltern und Unterst\u00fctzer*innen, die Zeit, Ideen oder tatkr\u00e4ftige Hilfe einbringen m\u00f6chten \u2013 zum Beispiel bei Aktionen, Veranstaltungen oder einem Stand. Jede helfende Hand ist willkommen!<\/p>\n\n\n\n<p class=\"wp-block-paragraph\"><strong>Unsere Vision<\/strong><\/p>\n\n\n\n<p class=\"wp-block-paragraph\">Wir w\u00fcnschen uns so viele Mitglieder wie es Sch\u00fcler*innen an unserer Schule gibt.<strong><\/strong><\/p>\n\n\n\n<p class=\"wp-block-paragraph\"><strong>Also: Schule VEREINt f\u00f6rdern!<\/strong><\/p>\n\n\n\n<p class=\"wp-block-paragraph\"><strong>Kontakte:\u00a0<\/strong>Kn\u00fcpft ihr \u00fcber\u00a0<strong>Herrn Nanko<\/strong>\u00a0direkt in der Schule oder per <a href=\"mailto:foerderverein@igszeven.de\">Mail an den F\u00f6rderverein<\/a><\/p>\n\n\n\n<p class=\"wp-block-paragraph\"><a href=\"https:\/\/www.igs-zeven.de\/wp\/?page_id=101#flyer\" data-type=\"page\" data-id=\"101\">Flyer das F\u00f6rdervereins mit Beitrittserkl\u00e4rung<\/a><\/p>\n","protected":false},"excerpt":{"rendered":"<p>Der Vorstand besteht im Schuljahr 2025\/26 aus folgenden ehrenamtlichen Mitgliedern: Anastasia Radeke\u00a0(1. Vorsitzende)Anja Bohling (2. Vorsitzende)Christine Schwiebert (Kassenwartin)Julius Nanko (Schriftf\u00fchrer) &hellip; <\/p>\n","protected":false},"author":1,"featured_media":0,"parent":0,"menu_order":0,"comment_status":"closed","ping_status":"closed","template":"","meta":{"pgc_sgb_lightbox_settings":"","footnotes":""},"class_list":["post-223","page","type-page","status-publish","hentry"],"_links":{"self":[{"href":"https:\/\/www.igs-zeven.de\/wp\/index.php?rest_route=\/wp\/v2\/pages\/223","targetHints":{"allow":["GET"]}}],"collection":[{"href":"https:\/\/www.igs-zeven.de\/wp\/index.php?rest_route=\/wp\/v2\/pages"}],"about":[{"href":"https:\/\/www.igs-zeven.de\/wp\/index.php?rest_route=\/wp\/v2\/types\/page"}],"author":[{"embeddable":true,"href":"https:\/\/www.igs-zeven.de\/wp\/index.php?rest_route=\/wp\/v2\/users\/1"}],"replies":[{"embeddable":true,"href":"https:\/\/www.igs-zeven.de\/wp\/index.php?rest_route=%2Fwp%2Fv2%2Fcomments&post=223"}],"version-history":[{"count":7,"href":"https:\/\/www.igs-zeven.de\/wp\/index.php?rest_route=\/wp\/v2\/pages\/223\/revisions"}],"predecessor-version":[{"id":2629,"href":"https:\/\/www.igs-zeven.de\/wp\/index.php?rest_route=\/wp\/v2\/pages\/223\/revisions\/2629"}],"wp:attachment":[{"href":"https:\/\/www.igs-zeven.de\/wp\/index.php?rest_route=%2Fwp%2Fv2%2Fmedia&parent=223"}],"curies":[{"name":"wp","href":"https:\/\/api.w.org\/{rel}","templated":true}]}}